{"id":98,"date":"2013-01-23T10:22:53","date_gmt":"2013-01-23T09:22:53","guid":{"rendered":"http:\/\/jemten.se\/?page_id=98"},"modified":"2013-01-28T09:38:55","modified_gmt":"2013-01-28T08:38:55","slug":"gamla-foton","status":"publish","type":"page","link":"http:\/\/jemten.se\/?page_id=98","title":{"rendered":"Olof August Hansson och M\u00e4rta Christina Nilsdotter"},"content":{"rendered":"\n\t\t<style type=\"text\/css\">\n\t\t\t#gallery-1 {\n\t\t\t\tmargin: auto;\n\t\t\t}\n\t\t\t#gallery-1 .gallery-item {\n\t\t\t\tfloat: left;\n\t\t\t\tmargin-top: 10px;\n\t\t\t\ttext-align: center;\n\t\t\t\twidth: 33%;\n\t\t\t}\n\t\t\t#gallery-1 img {\n\t\t\t\tborder: 2px solid #cfcfcf;\n\t\t\t}\n\t\t\t#gallery-1 .gallery-caption {\n\t\t\t\tmargin-left: 0;\n\t\t\t}\n\t\t\t\/* see gallery_shortcode() in wp-includes\/media.php *\/\n\t\t<\/style>\n\t\t<div id='gallery-1' class='gallery galleryid-98 gallery-columns-3 gallery-size-thumbnail'><dl class='gallery-item'>\n\t\t\t<dt class='gallery-icon portrait'>\n\t\t\t\t<a href='http:\/\/jemten.se\/?attachment_id=121'><img loading=\"lazy\" decoding=\"async\" width=\"150\" height=\"150\" src=\"http:\/\/jemten.se\/wp-content\/uploads\/2013\/01\/26-150x150.jpg\" class=\"attachment-thumbnail size-thumbnail\" alt=\"\" aria-describedby=\"gallery-1-121\" \/><\/a>\n\t\t\t<\/dt>\n\t\t\t\t<dd class='wp-caption-text gallery-caption' id='gallery-1-121'>\n\t\t\t\t1900? Olof August mor Elin M\u00e4rta.\n\t\t\t\t<\/dd><\/dl><dl class='gallery-item'>\n\t\t\t<dt class='gallery-icon portrait'>\n\t\t\t\t<a href='http:\/\/jemten.se\/?attachment_id=122'><img loading=\"lazy\" decoding=\"async\" width=\"150\" height=\"150\" src=\"http:\/\/jemten.se\/wp-content\/uploads\/2013\/01\/27-150x150.jpg\" class=\"attachment-thumbnail size-thumbnail\" alt=\"\" aria-describedby=\"gallery-1-122\" \/><\/a>\n\t\t\t<\/dt>\n\t\t\t\t<dd class='wp-caption-text gallery-caption' id='gallery-1-122'>\n\t\t\t\t1900? Olof August syster Anna Kristina f\u00f6dd 1879\n\t\t\t\t<\/dd><\/dl><dl class='gallery-item'>\n\t\t\t<dt class='gallery-icon portrait'>\n\t\t\t\t<a href='http:\/\/jemten.se\/?attachment_id=126'><img loading=\"lazy\" decoding=\"async\" width=\"150\" height=\"150\" src=\"http:\/\/jemten.se\/wp-content\/uploads\/2013\/01\/31-150x150.jpg\" class=\"attachment-thumbnail size-thumbnail\" alt=\"\" aria-describedby=\"gallery-1-126\" \/><\/a>\n\t\t\t<\/dt>\n\t\t\t\t<dd class='wp-caption-text gallery-caption' id='gallery-1-126'>\n\t\t\t\t1900? \u00d6stersund. M\u00e4rta Christinas f\u00f6r\u00e4ldrar med familj\n\t\t\t\t<\/dd><\/dl><br style=\"clear: both\" \/><dl class='gallery-item'>\n\t\t\t<dt class='gallery-icon portrait'>\n\t\t\t\t<a href='http:\/\/jemten.se\/?attachment_id=130'><img loading=\"lazy\" decoding=\"async\" width=\"150\" height=\"150\" src=\"http:\/\/jemten.se\/wp-content\/uploads\/2013\/01\/35-150x150.jpg\" class=\"attachment-thumbnail size-thumbnail\" alt=\"\" aria-describedby=\"gallery-1-130\" \/><\/a>\n\t\t\t<\/dt>\n\t\t\t\t<dd class='wp-caption-text gallery-caption' id='gallery-1-130'>\n\t\t\t\t1900? \u00d6stersund. M\u00e4rta Christinas f\u00f6r\u00e4ldrar med familj. Fr\u00e4mst fr v\u00e4: Nils Olof Johansson, Brita Christina och Margareta Augusta. Bakom fr v\u00e4: Gertrud Lisa, Brita Carolina, Nils Erik, M\u00e4rta Christina, Johan Olof och Anna Lena &#8211; enligt M\u00e4rta Folkesson. (?)\n\t\t\t\t<\/dd><\/dl><dl class='gallery-item'>\n\t\t\t<dt class='gallery-icon landscape'>\n\t\t\t\t<a href='http:\/\/jemten.se\/?attachment_id=127'><img loading=\"lazy\" decoding=\"async\" width=\"150\" height=\"150\" src=\"http:\/\/jemten.se\/wp-content\/uploads\/2013\/01\/32-150x150.jpg\" class=\"attachment-thumbnail size-thumbnail\" alt=\"\" aria-describedby=\"gallery-1-127\" \/><\/a>\n\t\t\t<\/dt>\n\t\t\t\t<dd class='wp-caption-text gallery-caption' id='gallery-1-127'>\n\t\t\t\t1900? \u00d6stersund. M\u00e4rta Christina och syskon. L\u00e4ngst till h\u00f6ger \u201dpigan\u201d? (?)\n\t\t\t\t<\/dd><\/dl><dl class='gallery-item'>\n\t\t\t<dt class='gallery-icon portrait'>\n\t\t\t\t<a href='http:\/\/jemten.se\/?attachment_id=128'><img loading=\"lazy\" decoding=\"async\" width=\"150\" height=\"150\" src=\"http:\/\/jemten.se\/wp-content\/uploads\/2013\/01\/33-150x150.jpg\" class=\"attachment-thumbnail size-thumbnail\" alt=\"\" aria-describedby=\"gallery-1-128\" \/><\/a>\n\t\t\t<\/dt>\n\t\t\t\t<dd class='wp-caption-text gallery-caption' id='gallery-1-128'>\n\t\t\t\t1900? M\u00e4rta Christinas bror Nils Erik. (Margit Svedberg)\n\t\t\t\t<\/dd><\/dl><br style=\"clear: both\" \/><dl class='gallery-item'>\n\t\t\t<dt class='gallery-icon portrait'>\n\t\t\t\t<a href='http:\/\/jemten.se\/?attachment_id=134'><img loading=\"lazy\" decoding=\"async\" width=\"150\" height=\"150\" src=\"http:\/\/jemten.se\/wp-content\/uploads\/2013\/01\/40-150x150.jpg\" class=\"attachment-thumbnail size-thumbnail\" alt=\"\" aria-describedby=\"gallery-1-134\" \/><\/a>\n\t\t\t<\/dt>\n\t\t\t\t<dd class='wp-caption-text gallery-caption' id='gallery-1-134'>\n\t\t\t\t1900? M\u00e4rta Christina (Martin Olson Seattle)\n\t\t\t\t<\/dd><\/dl><dl class='gallery-item'>\n\t\t\t<dt class='gallery-icon portrait'>\n\t\t\t\t<a href='http:\/\/jemten.se\/?attachment_id=129'><img loading=\"lazy\" decoding=\"async\" width=\"150\" height=\"150\" src=\"http:\/\/jemten.se\/wp-content\/uploads\/2013\/01\/34-150x150.jpg\" class=\"attachment-thumbnail size-thumbnail\" alt=\"\" aria-describedby=\"gallery-1-129\" \/><\/a>\n\t\t\t<\/dt>\n\t\t\t\t<dd class='wp-caption-text gallery-caption' id='gallery-1-129'>\n\t\t\t\tca 1905? M\u00e4rta Christinas Bror, Johan Olof Nilsson med fru Brita M\u00e4rta och barnen Augusta, Betty, M\u00e4rta och Olle samt \u201dpigan\u201d till h\u00f6ger. (Margit Svedberg)\n\t\t\t\t<\/dd><\/dl><dl class='gallery-item'>\n\t\t\t<dt class='gallery-icon landscape'>\n\t\t\t\t<a href='http:\/\/jemten.se\/?attachment_id=105'><img loading=\"lazy\" decoding=\"async\" width=\"150\" height=\"150\" src=\"http:\/\/jemten.se\/wp-content\/uploads\/2013\/01\/06-150x150.jpg\" class=\"attachment-thumbnail size-thumbnail\" alt=\"\" aria-describedby=\"gallery-1-105\" \/><\/a>\n\t\t\t<\/dt>\n\t\t\t\t<dd class='wp-caption-text gallery-caption' id='gallery-1-105'>\n\t\t\t\t1906? Inf\u00f6r resan till USA. Olof August fr\u00e4mst i mitten. (Margit Svedberg)\n\t\t\t\t<\/dd><\/dl><br style=\"clear: both\" \/><dl class='gallery-item'>\n\t\t\t<dt class='gallery-icon landscape'>\n\t\t\t\t<a href='http:\/\/jemten.se\/?attachment_id=110'><img loading=\"lazy\" decoding=\"async\" width=\"150\" height=\"150\" src=\"http:\/\/jemten.se\/wp-content\/uploads\/2013\/01\/10-150x150.jpg\" class=\"attachment-thumbnail size-thumbnail\" alt=\"\" aria-describedby=\"gallery-1-110\" \/><\/a>\n\t\t\t<\/dt>\n\t\t\t\t<dd class='wp-caption-text gallery-caption' id='gallery-1-110'>\n\t\t\t\t1906 p\u00e5 Atlanten. Olof August brev till d\u00f6ttrarna fr\u00e5n b\u00e5ten till USA. (?)\n\t\t\t\t<\/dd><\/dl><dl class='gallery-item'>\n\t\t\t<dt class='gallery-icon landscape'>\n\t\t\t\t<a href='http:\/\/jemten.se\/?attachment_id=103'><img loading=\"lazy\" decoding=\"async\" width=\"150\" height=\"150\" src=\"http:\/\/jemten.se\/wp-content\/uploads\/2013\/01\/04-150x150.jpg\" class=\"attachment-thumbnail size-thumbnail\" alt=\"\" aria-describedby=\"gallery-1-103\" \/><\/a>\n\t\t\t<\/dt>\n\t\t\t\t<dd class='wp-caption-text gallery-caption' id='gallery-1-103'>\n\t\t\t\t1906? Loke f\u00f6reningshus och skola. Dotter Ida sittande nr 7 fr v\u00e4. (Margit Svedberg)\n\t\t\t\t<\/dd><\/dl><dl class='gallery-item'>\n\t\t\t<dt class='gallery-icon portrait'>\n\t\t\t\t<a href='http:\/\/jemten.se\/?attachment_id=106'><img loading=\"lazy\" decoding=\"async\" width=\"150\" height=\"150\" src=\"http:\/\/jemten.se\/wp-content\/uploads\/2013\/01\/07-150x150.jpg\" class=\"attachment-thumbnail size-thumbnail\" alt=\"\" aria-describedby=\"gallery-1-106\" \/><\/a>\n\t\t\t<\/dt>\n\t\t\t\t<dd class='wp-caption-text gallery-caption' id='gallery-1-106'>\n\t\t\t\t1907? Seattle. Olof August. (Margit Svedberg)\n\t\t\t\t<\/dd><\/dl><br style=\"clear: both\" \/><dl class='gallery-item'>\n\t\t\t<dt class='gallery-icon portrait'>\n\t\t\t\t<a href='http:\/\/jemten.se\/?attachment_id=133'><img loading=\"lazy\" decoding=\"async\" width=\"150\" height=\"150\" src=\"http:\/\/jemten.se\/wp-content\/uploads\/2013\/01\/39-150x150.jpg\" class=\"attachment-thumbnail size-thumbnail\" alt=\"\" aria-describedby=\"gallery-1-133\" \/><\/a>\n\t\t\t<\/dt>\n\t\t\t\t<dd class='wp-caption-text gallery-caption' id='gallery-1-133'>\n\t\t\t\t1907? Seattle. Brodern Erik Arvid och Olof August. (Martin Olson Seattle)\n\t\t\t\t<\/dd><\/dl><dl class='gallery-item'>\n\t\t\t<dt class='gallery-icon portrait'>\n\t\t\t\t<a href='http:\/\/jemten.se\/?attachment_id=101'><img loading=\"lazy\" decoding=\"async\" width=\"150\" height=\"150\" src=\"http:\/\/jemten.se\/wp-content\/uploads\/2013\/01\/02-150x150.jpg\" class=\"attachment-thumbnail size-thumbnail\" alt=\"\" aria-describedby=\"gallery-1-101\" \/><\/a>\n\t\t\t<\/dt>\n\t\t\t\t<dd class='wp-caption-text gallery-caption' id='gallery-1-101'>\n\t\t\t\t1907? Seattle. Olof August (Inga-Stina)\n\t\t\t\t<\/dd><\/dl><dl class='gallery-item'>\n\t\t\t<dt class='gallery-icon landscape'>\n\t\t\t\t<a href='http:\/\/jemten.se\/?attachment_id=115'><img loading=\"lazy\" decoding=\"async\" width=\"150\" height=\"150\" src=\"http:\/\/jemten.se\/wp-content\/uploads\/2013\/01\/15-150x150.jpg\" class=\"attachment-thumbnail size-thumbnail\" alt=\"\" aria-describedby=\"gallery-1-115\" \/><\/a>\n\t\t\t<\/dt>\n\t\t\t\t<dd class='wp-caption-text gallery-caption' id='gallery-1-115'>\n\t\t\t\t1908? Seattle. Olof August nr 2 fr\u00e5n v\u00e4nster. (Martin Olson Seattle)\n\t\t\t\t<\/dd><\/dl><br style=\"clear: both\" \/><dl class='gallery-item'>\n\t\t\t<dt class='gallery-icon portrait'>\n\t\t\t\t<a href='http:\/\/jemten.se\/?attachment_id=123'><img loading=\"lazy\" decoding=\"async\" width=\"150\" height=\"150\" src=\"http:\/\/jemten.se\/wp-content\/uploads\/2013\/01\/28-150x150.jpg\" class=\"attachment-thumbnail size-thumbnail\" alt=\"\" aria-describedby=\"gallery-1-123\" \/><\/a>\n\t\t\t<\/dt>\n\t\t\t\t<dd class='wp-caption-text gallery-caption' id='gallery-1-123'>\n\t\t\t\t1909? Olof August syster Anna Kristina (f. 1879) med man Erik (f. 1882) och dotter Ellen (f. 1909). (Margit Svedberg)\n\t\t\t\t<\/dd><\/dl><dl class='gallery-item'>\n\t\t\t<dt class='gallery-icon portrait'>\n\t\t\t\t<a href='http:\/\/jemten.se\/?attachment_id=125'><img loading=\"lazy\" decoding=\"async\" width=\"150\" height=\"150\" src=\"http:\/\/jemten.se\/wp-content\/uploads\/2013\/01\/30-150x150.jpg\" class=\"attachment-thumbnail size-thumbnail\" alt=\"\" aria-describedby=\"gallery-1-125\" \/><\/a>\n\t\t\t<\/dt>\n\t\t\t\t<dd class='wp-caption-text gallery-caption' id='gallery-1-125'>\n\t\t\t\t1909? Olof August syster Juliana, f\u00f6dd 1868 med dotter Edla (f 1895) eller Anna (f 1906) (Margit Svedberg)\n\t\t\t\t<\/dd><\/dl><dl class='gallery-item'>\n\t\t\t<dt class='gallery-icon portrait'>\n\t\t\t\t<a href='http:\/\/jemten.se\/?attachment_id=117'><img loading=\"lazy\" decoding=\"async\" width=\"150\" height=\"150\" src=\"http:\/\/jemten.se\/wp-content\/uploads\/2013\/01\/18-150x150.jpg\" class=\"attachment-thumbnail size-thumbnail\" alt=\"\" aria-describedby=\"gallery-1-117\" \/><\/a>\n\t\t\t<\/dt>\n\t\t\t\t<dd class='wp-caption-text gallery-caption' id='gallery-1-117'>\n\t\t\t\t1912? Dotter M\u00e4rta. (Thony)\n\t\t\t\t<\/dd><\/dl><br style=\"clear: both\" \/><dl class='gallery-item'>\n\t\t\t<dt class='gallery-icon portrait'>\n\t\t\t\t<a href='http:\/\/jemten.se\/?attachment_id=124'><img loading=\"lazy\" decoding=\"async\" width=\"150\" height=\"150\" src=\"http:\/\/jemten.se\/wp-content\/uploads\/2013\/01\/29-150x150.jpg\" class=\"attachment-thumbnail size-thumbnail\" alt=\"\" aria-describedby=\"gallery-1-124\" \/><\/a>\n\t\t\t<\/dt>\n\t\t\t\t<dd class='wp-caption-text gallery-caption' id='gallery-1-124'>\n\t\t\t\t1915? Olof August systerson Jonte Hedman, son till Juliana. (Margit Svedberg)\n\t\t\t\t<\/dd><\/dl><dl class='gallery-item'>\n\t\t\t<dt class='gallery-icon portrait'>\n\t\t\t\t<a href='http:\/\/jemten.se\/?attachment_id=111'><img loading=\"lazy\" decoding=\"async\" width=\"150\" height=\"150\" src=\"http:\/\/jemten.se\/wp-content\/uploads\/2013\/01\/11-150x150.jpg\" class=\"attachment-thumbnail size-thumbnail\" alt=\"\" aria-describedby=\"gallery-1-111\" \/><\/a>\n\t\t\t<\/dt>\n\t\t\t\t<dd class='wp-caption-text gallery-caption' id='gallery-1-111'>\n\t\t\t\t1916? Brunflo. Barnen Hans, Ida och M\u00e4rta. (?)\n\t\t\t\t<\/dd><\/dl><dl class='gallery-item'>\n\t\t\t<dt class='gallery-icon portrait'>\n\t\t\t\t<a href='http:\/\/jemten.se\/?attachment_id=132'><img loading=\"lazy\" decoding=\"async\" width=\"150\" height=\"150\" src=\"http:\/\/jemten.se\/wp-content\/uploads\/2013\/01\/38-150x150.jpg\" class=\"attachment-thumbnail size-thumbnail\" alt=\"\" aria-describedby=\"gallery-1-132\" \/><\/a>\n\t\t\t<\/dt>\n\t\t\t\t<dd class='wp-caption-text gallery-caption' id='gallery-1-132'>\n\t\t\t\t1916? Brunflo. Dotter M\u00e4rta. (Thony)\n\t\t\t\t<\/dd><\/dl><br style=\"clear: both\" \/><dl class='gallery-item'>\n\t\t\t<dt class='gallery-icon portrait'>\n\t\t\t\t<a href='http:\/\/jemten.se\/?attachment_id=113'><img loading=\"lazy\" decoding=\"async\" width=\"150\" height=\"150\" src=\"http:\/\/jemten.se\/wp-content\/uploads\/2013\/01\/13-150x150.jpg\" class=\"attachment-thumbnail size-thumbnail\" alt=\"\" aria-describedby=\"gallery-1-113\" \/><\/a>\n\t\t\t<\/dt>\n\t\t\t\t<dd class='wp-caption-text gallery-caption' id='gallery-1-113'>\n\t\t\t\t1916? Brunflo. Dotter Ida. (Thony)\n\t\t\t\t<\/dd><\/dl><dl class='gallery-item'>\n\t\t\t<dt class='gallery-icon portrait'>\n\t\t\t\t<a href='http:\/\/jemten.se\/?attachment_id=114'><img loading=\"lazy\" decoding=\"async\" width=\"150\" height=\"150\" src=\"http:\/\/jemten.se\/wp-content\/uploads\/2013\/01\/14-150x150.jpg\" class=\"attachment-thumbnail size-thumbnail\" alt=\"\" aria-describedby=\"gallery-1-114\" \/><\/a>\n\t\t\t<\/dt>\n\t\t\t\t<dd class='wp-caption-text gallery-caption' id='gallery-1-114'>\n\t\t\t\t1920 Brunflo. Son Hans. (Thony)\n\t\t\t\t<\/dd><\/dl><dl class='gallery-item'>\n\t\t\t<dt class='gallery-icon portrait'>\n\t\t\t\t<a href='http:\/\/jemten.se\/?attachment_id=104'><img loading=\"lazy\" decoding=\"async\" width=\"150\" height=\"150\" src=\"http:\/\/jemten.se\/wp-content\/uploads\/2013\/01\/05-150x150.jpg\" class=\"attachment-thumbnail size-thumbnail\" alt=\"\" aria-describedby=\"gallery-1-104\" \/><\/a>\n\t\t\t<\/dt>\n\t\t\t\t<dd class='wp-caption-text gallery-caption' id='gallery-1-104'>\n\t\t\t\t1920? Dotter Ida och Hilda-vem \u00e4r det? (Margit Svedberg)\n\t\t\t\t<\/dd><\/dl><br style=\"clear: both\" \/><dl class='gallery-item'>\n\t\t\t<dt class='gallery-icon portrait'>\n\t\t\t\t<a href='http:\/\/jemten.se\/?attachment_id=116'><img loading=\"lazy\" decoding=\"async\" width=\"150\" height=\"150\" src=\"http:\/\/jemten.se\/wp-content\/uploads\/2013\/01\/17-150x150.jpg\" class=\"attachment-thumbnail size-thumbnail\" alt=\"\" aria-describedby=\"gallery-1-116\" \/><\/a>\n\t\t\t<\/dt>\n\t\t\t\t<dd class='wp-caption-text gallery-caption' id='gallery-1-116'>\n\t\t\t\t1922? Dotter M\u00e4rta. (Inga-Stina)\n\t\t\t\t<\/dd><\/dl><dl class='gallery-item'>\n\t\t\t<dt class='gallery-icon landscape'>\n\t\t\t\t<a href='http:\/\/jemten.se\/?attachment_id=102'><img loading=\"lazy\" decoding=\"async\" width=\"150\" height=\"150\" src=\"http:\/\/jemten.se\/wp-content\/uploads\/2013\/01\/03-150x150.jpg\" class=\"attachment-thumbnail size-thumbnail\" alt=\"\" aria-describedby=\"gallery-1-102\" \/><\/a>\n\t\t\t<\/dt>\n\t\t\t\t<dd class='wp-caption-text gallery-caption' id='gallery-1-102'>\n\t\t\t\t1925? Lockne. Anst\u00e4llda p\u00e5 Locknes\u00e5gen. Sonen Hans nr 5 i bakre raden. Till v\u00e4nster om honom Karl-Gustav H\u00e5kansson gift med Elise. (Ivan H\u00e5kansson)\n\t\t\t\t<\/dd><\/dl><dl class='gallery-item'>\n\t\t\t<dt class='gallery-icon portrait'>\n\t\t\t\t<a href='http:\/\/jemten.se\/?attachment_id=118'><img loading=\"lazy\" decoding=\"async\" width=\"150\" height=\"150\" src=\"http:\/\/jemten.se\/wp-content\/uploads\/2013\/01\/19-150x150.jpg\" class=\"attachment-thumbnail size-thumbnail\" alt=\"\" aria-describedby=\"gallery-1-118\" \/><\/a>\n\t\t\t<\/dt>\n\t\t\t\t<dd class='wp-caption-text gallery-caption' id='gallery-1-118'>\n\t\t\t\t1925? Dotter M\u00e4rta. (?)\n\t\t\t\t<\/dd><\/dl><br style=\"clear: both\" \/><dl class='gallery-item'>\n\t\t\t<dt class='gallery-icon landscape'>\n\t\t\t\t<a href='http:\/\/jemten.se\/?attachment_id=119'><img loading=\"lazy\" decoding=\"async\" width=\"150\" height=\"150\" src=\"http:\/\/jemten.se\/wp-content\/uploads\/2013\/01\/21-150x150.jpg\" class=\"attachment-thumbnail size-thumbnail\" alt=\"\" aria-describedby=\"gallery-1-119\" \/><\/a>\n\t\t\t<\/dt>\n\t\t\t\t<dd class='wp-caption-text gallery-caption' id='gallery-1-119'>\n\t\t\t\t1928? Tand. M\u00e4rta Christinas mor Brita Christina framf\u00f6r huset d\u00e4r dotter M\u00e4rta v\u00e4xte upp. M\u00e4rta till h\u00f6ger? (?)\n\t\t\t\t<\/dd><\/dl><dl class='gallery-item'>\n\t\t\t<dt class='gallery-icon portrait'>\n\t\t\t\t<a href='http:\/\/jemten.se\/?attachment_id=120'><img loading=\"lazy\" decoding=\"async\" width=\"150\" height=\"150\" src=\"http:\/\/jemten.se\/wp-content\/uploads\/2013\/01\/22-150x150.jpg\" class=\"attachment-thumbnail size-thumbnail\" alt=\"\" aria-describedby=\"gallery-1-120\" \/><\/a>\n\t\t\t<\/dt>\n\t\t\t\t<dd class='wp-caption-text gallery-caption' id='gallery-1-120'>\n\t\t\t\t1928?. Tand. Dotter M\u00e4rta i folkdr\u00e4kt. (Thony)\n\t\t\t\t<\/dd><\/dl><dl class='gallery-item'>\n\t\t\t<dt class='gallery-icon landscape'>\n\t\t\t\t<a href='http:\/\/jemten.se\/?attachment_id=131'><img loading=\"lazy\" decoding=\"async\" width=\"150\" height=\"150\" src=\"http:\/\/jemten.se\/wp-content\/uploads\/2013\/01\/37-150x150.jpg\" class=\"attachment-thumbnail size-thumbnail\" alt=\"\" aria-describedby=\"gallery-1-131\" \/><\/a>\n\t\t\t<\/dt>\n\t\t\t\t<dd class='wp-caption-text gallery-caption' id='gallery-1-131'>\n\t\t\t\t1928? Tand. M\u00e4rta Christinas mor Brita Christina framf\u00f6r huset d\u00e4r dotter M\u00e4rta v\u00e4xte upp. (?)\n\t\t\t\t<\/dd><\/dl><br style=\"clear: both\" \/><dl class='gallery-item'>\n\t\t\t<dt class='gallery-icon landscape'>\n\t\t\t\t<a href='http:\/\/jemten.se\/?attachment_id=107'><img loading=\"lazy\" decoding=\"async\" width=\"150\" height=\"150\" src=\"http:\/\/jemten.se\/wp-content\/uploads\/2013\/01\/08-150x150.jpg\" class=\"attachment-thumbnail size-thumbnail\" alt=\"\" aria-describedby=\"gallery-1-107\" \/><\/a>\n\t\t\t<\/dt>\n\t\t\t\t<dd class='wp-caption-text gallery-caption' id='gallery-1-107'>\n\t\t\t\t1935? J\u00e4mtbacken, Preston. (Margit Svedberg)\n\t\t\t\t<\/dd><\/dl><dl class='gallery-item'>\n\t\t\t<dt class='gallery-icon landscape'>\n\t\t\t\t<a href='http:\/\/jemten.se\/?attachment_id=108'><img loading=\"lazy\" decoding=\"async\" width=\"150\" height=\"150\" src=\"http:\/\/jemten.se\/wp-content\/uploads\/2013\/01\/09-150x150.jpg\" class=\"attachment-thumbnail size-thumbnail\" alt=\"\" aria-describedby=\"gallery-1-108\" \/><\/a>\n\t\t\t<\/dt>\n\t\t\t\t<dd class='wp-caption-text gallery-caption' id='gallery-1-108'>\n\t\t\t\t1935 Washington USA. Olof August l\u00e4ngst till v\u00e4nster. Inf\u00f6r f\u00f6rsta och enda hemresan till Sverige.\n\t\t\t\t<\/dd><\/dl><dl class='gallery-item'>\n\t\t\t<dt class='gallery-icon portrait'>\n\t\t\t\t<a href='http:\/\/jemten.se\/?attachment_id=112'><img loading=\"lazy\" decoding=\"async\" width=\"150\" height=\"150\" src=\"http:\/\/jemten.se\/wp-content\/uploads\/2013\/01\/12-150x150.jpg\" class=\"attachment-thumbnail size-thumbnail\" alt=\"\" aria-describedby=\"gallery-1-112\" \/><\/a>\n\t\t\t<\/dt>\n\t\t\t\t<dd class='wp-caption-text gallery-caption' id='gallery-1-112'>\n\t\t\t\t1935? Olof August. (Thony)\n\t\t\t\t<\/dd><\/dl><br style=\"clear: both\" \/>\n\t\t<\/div>\n\n","protected":false},"excerpt":{"rendered":"","protected":false},"author":1,"featured_media":0,"parent":138,"menu_order":0,"comment_status":"open","ping_status":"open","template":"","meta":{"_s2mail":"","ngg_post_thumbnail":0,"footnotes":""},"class_list":["post-98","page","type-page","status-publish","hentry"],"_links":{"self":[{"href":"http:\/\/jemten.se\/index.php?rest_route=\/wp\/v2\/pages\/98","targetHints":{"allow":["GET"]}}],"collection":[{"href":"http:\/\/jemten.se\/index.php?rest_route=\/wp\/v2\/pages"}],"about":[{"href":"http:\/\/jemten.se\/index.php?rest_route=\/wp\/v2\/types\/page"}],"author":[{"embeddable":true,"href":"http:\/\/jemten.se\/index.php?rest_route=\/wp\/v2\/users\/1"}],"replies":[{"embeddable":true,"href":"http:\/\/jemten.se\/index.php?rest_route=%2Fwp%2Fv2%2Fcomments&post=98"}],"version-history":[{"count":14,"href":"http:\/\/jemten.se\/index.php?rest_route=\/wp\/v2\/pages\/98\/revisions"}],"predecessor-version":[{"id":136,"href":"http:\/\/jemten.se\/index.php?rest_route=\/wp\/v2\/pages\/98\/revisions\/136"}],"up":[{"embeddable":true,"href":"http:\/\/jemten.se\/index.php?rest_route=\/wp\/v2\/pages\/138"}],"wp:attachment":[{"href":"http:\/\/jemten.se\/index.php?rest_route=%2Fwp%2Fv2%2Fmedia&parent=98"}],"curies":[{"name":"wp","href":"https:\/\/api.w.org\/{rel}","templated":true}]}}